{"id":1509,"date":"2023-10-11T12:11:40","date_gmt":"2023-10-11T10:11:40","guid":{"rendered":"https:\/\/istikametburasi.com\/?page_id=1509"},"modified":"2024-12-28T22:32:08","modified_gmt":"2024-12-28T20:32:08","slug":"valencia-2","status":"publish","type":"page","link":"https:\/\/istikametburasi.com\/index.php\/valencia-2\/","title":{"rendered":"VALENCIA"},"content":{"rendered":"\n<figure class=\"is-layout-flex wp-block-gallery-1 wp-block-gallery has-nested-images columns-default is-cropped\">\n<figure class=\"wp-block-image size-large\"><img decoding=\"async\" loading=\"lazy\" width=\"1024\" height=\"1024\" data-id=\"2278\"  src=\"https:\/\/istikametburasi.com\/wp-content\/uploads\/2024\/12\/valencia-1-1024x1024.png\" alt=\"\" class=\"wp-image-2278\" srcset=\"https:\/\/istikametburasi.com\/wp-content\/uploads\/2024\/12\/valencia-1-1024x1024.png 1024w, https:\/\/istikametburasi.com\/wp-content\/uploads\/2024\/12\/valencia-1-300x300.png 300w, https:\/\/istikametburasi.com\/wp-content\/uploads\/2024\/12\/valencia-1-150x150.png 150w, https:\/\/istikametburasi.com\/wp-content\/uploads\/2024\/12\/valencia-1-768x768.png 768w, https:\/\/istikametburasi.com\/wp-content\/uploads\/2024\/12\/valencia-1.png 1080w\" sizes=\"(max-width: 1024px) 100vw, 1024px\" \/><\/figure>\n\n\n\n<figure class=\"wp-block-image size-large\"><img decoding=\"async\" loading=\"lazy\" width=\"1024\" height=\"1024\" data-id=\"2277\"  src=\"https:\/\/istikametburasi.com\/wp-content\/uploads\/2024\/12\/valencia-2-1024x1024.png\" alt=\"\" class=\"wp-image-2277\" srcset=\"https:\/\/istikametburasi.com\/wp-content\/uploads\/2024\/12\/valencia-2-1024x1024.png 1024w, https:\/\/istikametburasi.com\/wp-content\/uploads\/2024\/12\/valencia-2-300x300.png 300w, https:\/\/istikametburasi.com\/wp-content\/uploads\/2024\/12\/valencia-2-150x150.png 150w, https:\/\/istikametburasi.com\/wp-content\/uploads\/2024\/12\/valencia-2-768x768.png 768w, https:\/\/istikametburasi.com\/wp-content\/uploads\/2024\/12\/valencia-2.png 1080w\" sizes=\"(max-width: 1024px) 100vw, 1024px\" \/><\/figure>\n\n\n\n<figure class=\"wp-block-image size-large\"><img decoding=\"async\" loading=\"lazy\" width=\"1024\" height=\"1024\" data-id=\"2279\"  src=\"https:\/\/istikametburasi.com\/wp-content\/uploads\/2024\/12\/valencia-3-1024x1024.png\" alt=\"\" class=\"wp-image-2279\" srcset=\"https:\/\/istikametburasi.com\/wp-content\/uploads\/2024\/12\/valencia-3-1024x1024.png 1024w, https:\/\/istikametburasi.com\/wp-content\/uploads\/2024\/12\/valencia-3-300x300.png 300w, https:\/\/istikametburasi.com\/wp-content\/uploads\/2024\/12\/valencia-3-150x150.png 150w, https:\/\/istikametburasi.com\/wp-content\/uploads\/2024\/12\/valencia-3-768x768.png 768w, https:\/\/istikametburasi.com\/wp-content\/uploads\/2024\/12\/valencia-3.png 1080w\" sizes=\"(max-width: 1024px) 100vw, 1024px\" \/><\/figure>\n<\/figure>\n\n\n\n<p><strong>Valencia: \u0130spanya\u2019n\u0131n Hem Geleneksel Hem Modern \u015eehri<\/strong><\/p>\n\n\n\n<p>Valencia, Akdeniz k\u0131y\u0131s\u0131nda yer alan, hem geleneksel hem de \u00e7a\u011fda\u015f y\u00fcz\u00fcyle sizi b\u00fcy\u00fcleyecek bir \u015fehir. Gotik yap\u0131larla \u00e7evrili dar sokaklardan, modern mimarinin zirvesi olan <em>Ciudad de las Artes y las Ciencias<\/em>\u2019a kadar her k\u00f6\u015fesi ke\u015ffetmeye de\u011fer. \u015eehir, ayn\u0131 zamanda \u00fcnl\u00fc <em>paella<\/em> yeme\u011finin do\u011fum yeri ve yerel mutfa\u011f\u0131yla gastronomi tutkunlar\u0131 i\u00e7in bir cennet. Valencia\u2019n\u0131n alt\u0131n kumsallar\u0131nda dinlenebilir, canl\u0131 gece hayat\u0131n\u0131 ke\u015ffedebilir ve tarihin izlerini s\u00fcrerken modern bir Avrupa \u015fehrinin enerjisini hissedebilirsiniz.<\/p>\n\n\n\n<p><mark style=\"background-color:rgba(0, 0, 0, 0)\" class=\"has-inline-color has-vivid-red-color\"><strong>Valencia Yap\u0131lacaklar Listesi<\/strong>:<\/mark><\/p>\n\n\n\n<p>\ud83c\udf0a Malvarrosa Plaj\u0131\u2019nda deniz keyfi yap\u0131n<br>\ud83c\udfdb La Lonja de la Seda\u2019y\u0131 gezin<br>\ud83d\udecd Mercado Central\u2019de al\u0131\u015fveri\u015f yap\u0131n<br>\ud83c\udf1f Ciudad de las Artes y las Ciencias\u2019i ke\u015ffedin<br>\ud83e\udd58 Paella Valenciana\u2019y\u0131 deneyin<br>\ud83c\udf34 Turia Bah\u00e7eleri\u2019nde y\u00fcr\u00fcy\u00fc\u015f yap\u0131n<br>\u26ea\ufe0f Valencia Katedrali ve \u00c7an Kulesi\u2019ne \u00e7\u0131k\u0131n<br>\ud83d\uddbc IVAM (Modern Sanat Enstit\u00fcs\u00fc)\u2019ni ziyaret edin<br>\ud83d\udeb2 \u015eehirde bisiklet turu yap\u0131n<br>\ud83c\udfad Palau de les Arts Reina Sofia\u2019da etkinlik izleyin<br>\ud83c\udf68 Horchata i\u00e7ip farton tatl\u0131s\u0131n\u0131 tad\u0131n<br>\ud83c\udff0 Torres de Serranos\u2019u g\u00f6r\u00fcn<br>\ud83d\udc20 Oceanogr\u00e0fic\u2019te deniz ya\u015fam\u0131n\u0131 ke\u015ffedin<br>\ud83c\udfde Albufera G\u00f6l\u00fc\u2019nde tekne turu yap\u0131n<br>\ud83c\udf79 Ruzafa B\u00f6lgesi\u2019nde barlar\u0131 ke\u015ffedin<\/p>\n\n\n\n<p>\ud83d\udccc A\u015fa\u011f\u0131da birka\u00e7 turistik durak i\u00e7in\u00a0<strong>k\u0131sa bilgileri<\/strong>\u00a0ekliyorum, \u015fehri gezerken bu duraklar\u0131n tarihi \u00f6nemi gibi detaylar\u0131 bulabilirsiniz.<\/p>\n\n\n\n<p><strong>\ud83c\udf1f Ciudad de las Artes y las Ciencias<\/strong><\/p>\n\n\n\n<p>Bilim ve sanat\u0131n bulu\u015ftu\u011fu bu modern kompleks, Valencia\u2019n\u0131n \u00e7a\u011fda\u015f y\u00fcz\u00fcn\u00fc temsil ediyor. Santiago Calatrava\u2019n\u0131n tasarlad\u0131\u011f\u0131 bu alan, interaktif m\u00fczeler, akvaryum, opera binas\u0131 ve a\u00e7\u0131k hava alanlar\u0131yla dolu. \u00d6zellikle Oceanogr\u00e0fic, Avrupa\u2019n\u0131n en b\u00fcy\u00fck akvaryumu olarak deniz ya\u015fam\u0131n\u0131 ke\u015ffetmek i\u00e7in harika bir f\u0131rsat sunuyor.<\/p>\n\n\n\n<p><strong>\ud83e\udd58 Paella Valenciana<\/strong><\/p>\n\n\n\n<p>Valencia, \u00fcnl\u00fc <em>paella<\/em> yeme\u011finin do\u011fum yeri. Tavuk, tav\u015fan eti ve safranla yap\u0131lan bu geleneksel pirin\u00e7 yeme\u011fi, \u015fehrin mutfak k\u00fclt\u00fcr\u00fcn\u00fcn \u00f6nemli bir par\u00e7as\u0131. Sahil kenar\u0131ndaki restoranlarda ya da Albufera G\u00f6l\u00fc \u00e7evresinde yap\u0131lan paellalar, Valencia\u2019y\u0131 tatmak i\u00e7in harika bir f\u0131rsat sunuyor.<\/p>\n\n\n\n<p><strong>\u26ea\ufe0f Valencia Katedrali ve \u00c7an Kulesi<\/strong><\/p>\n\n\n\n<p>Valencia Katedrali, gotik, R\u00f6nesans ve barok tarzlar\u0131n\u0131n bir arada bulundu\u011fu etkileyici bir yap\u0131. Katedralin \u00e7an kulesi olan <em>El Miguelete<\/em>\u2019ye \u00e7\u0131karak \u015fehrin panoramik manzaras\u0131n\u0131 izleyebilirsiniz. Ayr\u0131ca, katedralin i\u00e7inde yer alan ve Kutsal Kase oldu\u011fu iddia edilen bir eser, buray\u0131 daha da \u00f6zel k\u0131l\u0131yor.<\/p>\n\n\n\n<p><strong>\ud83c\udff0 Torres de Serranos<\/strong><\/p>\n\n\n\n<p>Eski \u015fehir surlar\u0131n\u0131n bir par\u00e7as\u0131 olan Torres de Serranos, Valencia\u2019n\u0131n tarihini yans\u0131tan bir yap\u0131. 14. y\u00fczy\u0131lda in\u015fa edilen bu kuleler, zaman\u0131nda \u015fehri koruma amac\u0131yla kullan\u0131lm\u0131\u015f. Kuleye \u00e7\u0131karak, tarihi dokunun ve Valencia\u2019n\u0131n manzaras\u0131n\u0131n tad\u0131n\u0131 \u00e7\u0131karabilirsiniz.<\/p>\n\n\n\n<p><strong>\ud83c\udf34 Turia Bah\u00e7eleri<\/strong><\/p>\n\n\n\n<p>Bir zamanlar Turia Nehri\u2019nin yata\u011f\u0131 olan bu alan, 20. y\u00fczy\u0131lda bir park haline d\u00f6n\u00fc\u015ft\u00fcr\u00fclm\u00fc\u015f. 9 kilometrelik bu ye\u015fil alan, y\u00fcr\u00fcy\u00fc\u015f, bisiklet ve piknik yapmak i\u00e7in ideal bir yer. Park, ayn\u0131 zamanda Ciudad de las Artes y las Ciencias\u2019e ev sahipli\u011fi yap\u0131yor ve \u015fehirde bir nefes almak i\u00e7in m\u00fckemmel bir durak.<\/p>\n\n\n\n<p><strong>\ud83d\udecd Mercado Central<\/strong><\/p>\n\n\n\n<p>Mercado Central, Avrupa\u2019n\u0131n en b\u00fcy\u00fck kapal\u0131 pazarlar\u0131ndan biri. Taze meyve, sebze, deniz \u00fcr\u00fcnleri ve yerel \u00fcr\u00fcnlerin sat\u0131ld\u0131\u011f\u0131 bu pazar, Valencia\u2019n\u0131n g\u00fcnl\u00fck hayat\u0131n\u0131 deneyimlemek i\u00e7in m\u00fckemmel bir yer. Pazar\u0131n vitray pencereleri ve mozaik detaylar\u0131, al\u0131\u015fveri\u015f yaparken g\u00f6rsel bir \u015f\u00f6len sunuyor.<\/p>\n\n\n\n<p>Valencia ile ilgili t\u00fcm detaylar\u0131\u00a0<a href=\"https:\/\/www.instagram.com\/istikametburasi\">Instagram profilimde<\/a>\u00a0\u00f6ne \u00e7\u0131kanlar k\u0131sm\u0131ndaki \u201c\ud83c\uddea\ud83c\uddf8 Valencia\u201d ba\u015fl\u0131\u011f\u0131 alt\u0131nda bulabilirsiniz.<\/p>\n","protected":false},"excerpt":{"rendered":"<p>Valencia: \u0130spanya\u2019n\u0131n Hem Geleneksel Hem Modern \u015eehri Valencia, Akdeniz k\u0131y\u0131s\u0131nda yer alan, hem geleneksel hem de \u00e7a\u011fda\u015f y\u00fcz\u00fcyle sizi b\u00fcy\u00fcleyecek<\/p>\n","protected":false},"author":1,"featured_media":0,"parent":0,"menu_order":0,"comment_status":"closed","ping_status":"closed","template":"","meta":{"om_disable_all_campaigns":false,"_mi_skip_tracking":false},"_links":{"self":[{"href":"https:\/\/istikametburasi.com\/index.php\/wp-json\/wp\/v2\/pages\/1509"}],"collection":[{"href":"https:\/\/istikametburasi.com\/index.php\/wp-json\/wp\/v2\/pages"}],"about":[{"href":"https:\/\/istikametburasi.com\/index.php\/wp-json\/wp\/v2\/types\/page"}],"author":[{"embeddable":true,"href":"https:\/\/istikametburasi.com\/index.php\/wp-json\/wp\/v2\/users\/1"}],"replies":[{"embeddable":true,"href":"https:\/\/istikametburasi.com\/index.php\/wp-json\/wp\/v2\/comments?post=1509"}],"version-history":[{"count":2,"href":"https:\/\/istikametburasi.com\/index.php\/wp-json\/wp\/v2\/pages\/1509\/revisions"}],"predecessor-version":[{"id":2280,"href":"https:\/\/istikametburasi.com\/index.php\/wp-json\/wp\/v2\/pages\/1509\/revisions\/2280"}],"wp:attachment":[{"href":"https:\/\/istikametburasi.com\/index.php\/wp-json\/wp\/v2\/media?parent=1509"}],"curies":[{"name":"wp","href":"https:\/\/api.w.org\/{rel}","templated":true}]}}